{"id":2998,"date":"2020-01-23T13:27:00","date_gmt":"2020-01-23T13:27:00","guid":{"rendered":"https:\/\/clementcolliard.art\/?page_id=2998"},"modified":"2020-05-11T08:33:11","modified_gmt":"2020-05-11T08:33:11","slug":"exposition-un-imparfait-regard","status":"publish","type":"page","link":"https:\/\/clementcolliard.art\/en\/exposition-un-imparfait-regard\/","title":{"rendered":"Un (im)parfait regard (l&rsquo;Almacen, Gen\u00e8ve, janvier 2020)"},"content":{"rendered":"<style type=\"text\/css\">\n#foogallery-gallery-3095 .fg-image { width: 150px; }\n#foogallery-gallery-3095 { --fg-gutter: 10px; }<\/style>\n\t\t\t<div class=\"foogallery foogallery-container foogallery-default foogallery-lightbox-foobox fg-center fg-default fg-ready fg-dark fg-border-thin fg-shadow-outline fg-loading-default fg-loaded-fade-in fg-caption-hover fg-hover-fade fg-hover-zoom\" id=\"foogallery-gallery-3095\" data-foogallery=\"{&quot;item&quot;:{&quot;showCaptionTitle&quot;:true,&quot;showCaptionDescription&quot;:true},&quot;lazy&quot;:false,&quot;src&quot;:&quot;src&quot;,&quot;srcset&quot;:&quot;srcset&quot;}\" style=\"--fg-title-line-clamp: 0; --fg-description-line-clamp: 0;\" >\n\t<div class=\"fg-item fg-type-image fg-loaded\"><figure class=\"fg-item-inner\"><a href=\"https:\/\/clementcolliard.art\/wp-content\/uploads\/flyer-xpo19-5-1.png\" data-caption-desc=\"Exposition &quot;Un (im)parfait Regard&quot;en 2020 \u00e0 Gen\u00e8ve\" data-caption-title=\"Flyer de l&#039;exposition\" data-attachment-id=\"3096\" data-type=\"image\" class=\"fg-thumb\"><span class=\"fg-image-wrap\"><img decoding=\"async\" src=\"https:\/\/clementcolliard.art\/wp-content\/uploads\/cache\/flyer-xpo19-5-1\/654782769.png\" width=\"150\" height=\"150\" class=\"skip-lazy fg-image\" loading=\"eager\"><\/span><span class=\"fg-image-overlay\"><\/span><\/a><figcaption class=\"fg-caption\"><div class=\"fg-caption-inner\"><div class=\"fg-caption-title\">Flyer de l'exposition<\/div><div class=\"fg-caption-desc\">Exposition \"Un (im)parfait Regard\"en 2020 \u00e0 Gen\u00e8ve<\/div><\/div><\/figcaption><\/figure><div class=\"fg-loader\"><\/div><\/div><div class=\"fg-item fg-type-image fg-loaded\"><figure class=\"fg-item-inner\"><a href=\"https:\/\/clementcolliard.art\/wp-content\/uploads\/Dufour-scaled.jpg\" data-caption-title=\"clementcolliard 23062018-L1013957\" data-caption-desc=\"117x41cm \u00c9dition de 3, tirage sur papier Hahnem\u00fchle Photo Rag 308 \/\/\/\/  Pr\u00e9sent\u00e9e lors de l&#039;exposition &quot;Un (im)parfait Regard&quot;en 2020 \u00e0 Gen\u00e8ve\" data-attachment-id=\"3198\" data-type=\"image\" class=\"fg-thumb\"><span class=\"fg-image-wrap\"><img decoding=\"async\" src=\"https:\/\/clementcolliard.art\/wp-content\/uploads\/cache\/Dufour-scaled\/742125467.jpg\" title=\"contact@clementcolliard.art\" width=\"150\" height=\"150\" class=\"skip-lazy fg-image\" loading=\"eager\"><\/span><span class=\"fg-image-overlay\"><\/span><\/a><figcaption class=\"fg-caption\"><div class=\"fg-caption-inner\"><div class=\"fg-caption-title\">clementcolliard 23062018-L1013957<\/div><div class=\"fg-caption-desc\">117x41cm \u00c9dition de 3, tirage sur papier Hahnem\u00fchle Photo Rag 308 \/\/\/\/  Pr\u00e9sent\u00e9e lors de l'exposition \"Un (im)parfait Regard\"en 2020 \u00e0 Gen\u00e8ve<\/div><\/div><\/figcaption><\/figure><div class=\"fg-loader\"><\/div><\/div><div class=\"fg-item fg-type-image fg-loaded\"><figure class=\"fg-item-inner\"><a href=\"https:\/\/clementcolliard.art\/wp-content\/uploads\/Fenetres-scaled.jpg\" data-caption-desc=\"62x47cm \u00c9dition de 3, tirage sur papier Hahnem\u00fchle Photo Rag 308 \/\/\/\/ Pr\u00e9sent\u00e9e lors de l&#039;exposition &quot;Un (im)parfait Regard&quot;en 2020 \u00e0 Gen\u00e8ve\" data-caption-title=\"clementcolliard-19082017-L1010621-2\" data-attachment-id=\"3099\" data-type=\"image\" class=\"fg-thumb\"><span class=\"fg-image-wrap\"><img decoding=\"async\" src=\"https:\/\/clementcolliard.art\/wp-content\/uploads\/cache\/Fenetres-scaled\/4155863321.jpg\" width=\"150\" height=\"150\" class=\"skip-lazy fg-image\" loading=\"eager\"><\/span><span class=\"fg-image-overlay\"><\/span><\/a><figcaption class=\"fg-caption\"><div class=\"fg-caption-inner\"><div class=\"fg-caption-title\">clementcolliard-19082017-L1010621-2<\/div><div class=\"fg-caption-desc\">62x47cm \u00c9dition de 3, tirage sur papier Hahnem\u00fchle Photo Rag 308 \/\/\/\/ Pr\u00e9sent\u00e9e lors de l'exposition \"Un (im)parfait Regard\"en 2020 \u00e0 Gen\u00e8ve<\/div><\/div><\/figcaption><\/figure><div class=\"fg-loader\"><\/div><\/div><div class=\"fg-item fg-type-image fg-loaded\"><figure class=\"fg-item-inner\"><a href=\"https:\/\/clementcolliard.art\/wp-content\/uploads\/Pointe-scaled.jpg\" data-caption-desc=\"62x48cm \u00c9dition de 3, tirage sur papier Hahnem\u00fchle Photo Rag 308  \/\/\/\/ Pr\u00e9sent\u00e9e lors de l&#039;exposition &quot;Un (im)parfait Regard&quot;en 2020 \u00e0 Gen\u00e8ve.\" data-caption-title=\"clementcolliard-26102018-L1015257-2\" data-attachment-id=\"3103\" data-type=\"image\" class=\"fg-thumb\"><span class=\"fg-image-wrap\"><img decoding=\"async\" src=\"https:\/\/clementcolliard.art\/wp-content\/uploads\/cache\/Pointe-scaled\/2962285811.jpg\" width=\"150\" height=\"150\" class=\"skip-lazy fg-image\" loading=\"eager\"><\/span><span class=\"fg-image-overlay\"><\/span><\/a><figcaption class=\"fg-caption\"><div class=\"fg-caption-inner\"><div class=\"fg-caption-title\">clementcolliard-26102018-L1015257-2<\/div><div class=\"fg-caption-desc\">62x48cm \u00c9dition de 3, tirage sur papier Hahnem\u00fchle Photo Rag 308  \/\/\/\/ Pr\u00e9sent\u00e9e lors de l'exposition \"Un (im)parfait Regard\"en 2020 \u00e0 Gen\u00e8ve.<\/div><\/div><\/figcaption><\/figure><div class=\"fg-loader\"><\/div><\/div><div class=\"fg-item fg-type-image fg-loaded\"><figure class=\"fg-item-inner\"><a href=\"https:\/\/clementcolliard.art\/wp-content\/uploads\/Parc-scaled.jpg\" data-caption-desc=\"117x47cm \u00c9dition de 3, tirage sur papier Hahnem\u00fchle Photo Rag 308   \/\/\/\/ Pr\u00e9sent\u00e9e lors de l&#039;exposition &quot;Un (im)parfait Regard&quot;en 2020 \u00e0 Gen\u00e8ve.\" data-caption-title=\"clementcolliard 14062018-L1013722-2\" data-attachment-id=\"3067\" data-type=\"image\" class=\"fg-thumb\"><span class=\"fg-image-wrap\"><img decoding=\"async\" src=\"https:\/\/clementcolliard.art\/wp-content\/uploads\/cache\/Parc-scaled\/731196551.jpg\" width=\"150\" height=\"150\" class=\"skip-lazy fg-image\" loading=\"eager\"><\/span><span class=\"fg-image-overlay\"><\/span><\/a><figcaption class=\"fg-caption\"><div class=\"fg-caption-inner\"><div class=\"fg-caption-title\">clementcolliard 14062018-L1013722-2<\/div><div class=\"fg-caption-desc\">117x47cm \u00c9dition de 3, tirage sur papier Hahnem\u00fchle Photo Rag 308   \/\/\/\/ Pr\u00e9sent\u00e9e lors de l'exposition \"Un (im)parfait Regard\"en 2020 \u00e0 Gen\u00e8ve.<\/div><\/div><\/figcaption><\/figure><div class=\"fg-loader\"><\/div><\/div><div class=\"fg-item fg-type-image fg-loaded\"><figure class=\"fg-item-inner\"><a href=\"https:\/\/clementcolliard.art\/wp-content\/uploads\/Wolff-scaled.jpg\" data-caption-title=\"clementcolliard 20062018-L1013827-2\" data-caption-desc=\"42x23cm \u00c9dition de 3, tirage sur papier Hahnem\u00fchle Photo Rag 308   \/\/\/\/ Pr\u00e9sent\u00e9e lors de l&#039;exposition &quot;Un (im)parfait Regard&quot;en 2020 \u00e0 Gen\u00e8ve\" data-attachment-id=\"3229\" data-type=\"image\" class=\"fg-thumb\"><span class=\"fg-image-wrap\"><img decoding=\"async\" src=\"https:\/\/clementcolliard.art\/wp-content\/uploads\/cache\/Wolff-scaled\/1159837821.jpg\" title=\"contact@clementcolliard.art\" width=\"150\" height=\"150\" class=\"skip-lazy fg-image\" loading=\"eager\"><\/span><span class=\"fg-image-overlay\"><\/span><\/a><figcaption class=\"fg-caption\"><div class=\"fg-caption-inner\"><div class=\"fg-caption-title\">clementcolliard 20062018-L1013827-2<\/div><div class=\"fg-caption-desc\">42x23cm \u00c9dition de 3, tirage sur papier Hahnem\u00fchle Photo Rag 308   \/\/\/\/ Pr\u00e9sent\u00e9e lors de l'exposition \"Un (im)parfait Regard\"en 2020 \u00e0 Gen\u00e8ve<\/div><\/div><\/figcaption><\/figure><div class=\"fg-loader\"><\/div><\/div><div class=\"fg-item fg-type-image fg-loaded\"><figure class=\"fg-item-inner\"><a href=\"https:\/\/clementcolliard.art\/wp-content\/uploads\/Tuyaux-scaled.jpg\" data-caption-title=\"clementcolliard 22052017-L1010097-2\" data-caption-desc=\"32x22cm \u00c9dition de 3, tirage sur papier Hahnem\u00fchle Photo Rag 308   \/\/\/\/ Pr\u00e9sent\u00e9e lors de l&#039;exposition &quot;Un (im)parfait Regard&quot;en 2020 \u00e0 Gen\u00e8ve\" data-attachment-id=\"3228\" data-type=\"image\" class=\"fg-thumb\"><span class=\"fg-image-wrap\"><img decoding=\"async\" src=\"https:\/\/clementcolliard.art\/wp-content\/uploads\/cache\/Tuyaux-scaled\/1612771816.jpg\" title=\"contact@clementcolliard.art\" width=\"150\" height=\"150\" class=\"skip-lazy fg-image\" loading=\"eager\"><\/span><span class=\"fg-image-overlay\"><\/span><\/a><figcaption class=\"fg-caption\"><div class=\"fg-caption-inner\"><div class=\"fg-caption-title\">clementcolliard 22052017-L1010097-2<\/div><div class=\"fg-caption-desc\">32x22cm \u00c9dition de 3, tirage sur papier Hahnem\u00fchle Photo Rag 308   \/\/\/\/ Pr\u00e9sent\u00e9e lors de l'exposition \"Un (im)parfait Regard\"en 2020 \u00e0 Gen\u00e8ve<\/div><\/div><\/figcaption><\/figure><div class=\"fg-loader\"><\/div><\/div><div class=\"fg-item fg-type-image fg-loaded\"><figure class=\"fg-item-inner\"><a href=\"https:\/\/clementcolliard.art\/wp-content\/uploads\/Foret-scaled.jpg\" data-caption-desc=\"62x43cm \u00c9dition de 3, tirage sur papier Hahnem\u00fchle Photo Rag 308   \/\/\/\/ Pr\u00e9sent\u00e9e lors de l&#039;exposition &quot;Un (im)parfait Regard&quot;en 2020 \u00e0 Gen\u00e8ve\" data-caption-title=\"clementcolliard 10052018-DSC_0034-2\" data-attachment-id=\"3100\" data-type=\"image\" class=\"fg-thumb\"><span class=\"fg-image-wrap\"><img decoding=\"async\" src=\"https:\/\/clementcolliard.art\/wp-content\/uploads\/cache\/Foret-scaled\/3705161465.jpg\" width=\"150\" height=\"150\" class=\"skip-lazy fg-image\" loading=\"eager\"><\/span><span class=\"fg-image-overlay\"><\/span><\/a><figcaption class=\"fg-caption\"><div class=\"fg-caption-inner\"><div class=\"fg-caption-title\">clementcolliard 10052018-DSC_0034-2<\/div><div class=\"fg-caption-desc\">62x43cm \u00c9dition de 3, tirage sur papier Hahnem\u00fchle Photo Rag 308   \/\/\/\/ Pr\u00e9sent\u00e9e lors de l'exposition \"Un (im)parfait Regard\"en 2020 \u00e0 Gen\u00e8ve<\/div><\/div><\/figcaption><\/figure><div class=\"fg-loader\"><\/div><\/div><div class=\"fg-item fg-type-image fg-loaded\"><figure class=\"fg-item-inner\"><a href=\"https:\/\/clementcolliard.art\/wp-content\/uploads\/Cueillette-scaled.jpg\" data-caption-desc=\"32x16cm \u00c9dition de 3, tirage sur papier Hahnem\u00fchle Photo Rag 308   \/\/\/\/ Pr\u00e9sent\u00e9e lors de l&#039;exposition &quot;Un (im)parfait Regard&quot;en 2020 \u00e0 Gen\u00e8ve\" data-caption-title=\"clementcolliard 08022019-L1015764-2\" data-attachment-id=\"3064\" data-type=\"image\" class=\"fg-thumb\"><span class=\"fg-image-wrap\"><img decoding=\"async\" src=\"https:\/\/clementcolliard.art\/wp-content\/uploads\/cache\/Cueillette-scaled\/1212022874.jpg\" width=\"150\" height=\"150\" class=\"skip-lazy fg-image\" loading=\"eager\"><\/span><span class=\"fg-image-overlay\"><\/span><\/a><figcaption class=\"fg-caption\"><div class=\"fg-caption-inner\"><div class=\"fg-caption-title\">clementcolliard 08022019-L1015764-2<\/div><div class=\"fg-caption-desc\">32x16cm \u00c9dition de 3, tirage sur papier Hahnem\u00fchle Photo Rag 308   \/\/\/\/ Pr\u00e9sent\u00e9e lors de l'exposition \"Un (im)parfait Regard\"en 2020 \u00e0 Gen\u00e8ve<\/div><\/div><\/figcaption><\/figure><div class=\"fg-loader\"><\/div><\/div><div class=\"fg-item fg-type-image fg-loaded\"><figure class=\"fg-item-inner\"><a href=\"https:\/\/clementcolliard.art\/wp-content\/uploads\/Bus-scaled.jpg\" data-caption-title=\"clementcolliard-29122018-L1015741-2\" data-caption-desc=\"51x40cm \u00c9dition de 3, tirage sur papier Hahnem\u00fchle Photo Rag 308   \/\/\/\/ Pr\u00e9sent\u00e9e lors de l&#039;exposition &quot;Un (im)parfait Regard&quot;en 2020 \u00e0 Gen\u00e8ve\" data-attachment-id=\"3224\" data-type=\"image\" class=\"fg-thumb\"><span class=\"fg-image-wrap\"><img decoding=\"async\" src=\"https:\/\/clementcolliard.art\/wp-content\/uploads\/cache\/Bus-scaled\/1374905365.jpg\" title=\"contact@clementcolliard.art\" width=\"150\" height=\"150\" class=\"skip-lazy fg-image\" loading=\"eager\"><\/span><span class=\"fg-image-overlay\"><\/span><\/a><figcaption class=\"fg-caption\"><div class=\"fg-caption-inner\"><div class=\"fg-caption-title\">clementcolliard-29122018-L1015741-2<\/div><div class=\"fg-caption-desc\">51x40cm \u00c9dition de 3, tirage sur papier Hahnem\u00fchle Photo Rag 308   \/\/\/\/ Pr\u00e9sent\u00e9e lors de l'exposition \"Un (im)parfait Regard\"en 2020 \u00e0 Gen\u00e8ve<\/div><\/div><\/figcaption><\/figure><div class=\"fg-loader\"><\/div><\/div><div class=\"fg-item fg-type-image fg-loaded\"><figure class=\"fg-item-inner\"><a href=\"https:\/\/clementcolliard.art\/wp-content\/uploads\/Echaffaudages-scaled.jpg\" data-caption-title=\"clementcolliard-19102017-L1011461-2\" data-caption-desc=\"42x22cm \u00c9dition de 3, tirage sur papier Hahnem\u00fchle Photo Rag 308   \/\/\/\/ Pr\u00e9sent\u00e9e lors de l&#039;exposition &quot;Un (im)parfait Regard&quot;en 2020 \u00e0 Gen\u00e8ve\" data-attachment-id=\"3225\" data-type=\"image\" class=\"fg-thumb\"><span class=\"fg-image-wrap\"><img decoding=\"async\" src=\"https:\/\/clementcolliard.art\/wp-content\/uploads\/cache\/Echaffaudages-scaled\/3504105619.jpg\" title=\"contact@clementcolliard.art\" width=\"150\" height=\"150\" class=\"skip-lazy fg-image\" loading=\"eager\"><\/span><span class=\"fg-image-overlay\"><\/span><\/a><figcaption class=\"fg-caption\"><div class=\"fg-caption-inner\"><div class=\"fg-caption-title\">clementcolliard-19102017-L1011461-2<\/div><div class=\"fg-caption-desc\">42x22cm \u00c9dition de 3, tirage sur papier Hahnem\u00fchle Photo Rag 308   \/\/\/\/ Pr\u00e9sent\u00e9e lors de l'exposition \"Un (im)parfait Regard\"en 2020 \u00e0 Gen\u00e8ve<\/div><\/div><\/figcaption><\/figure><div class=\"fg-loader\"><\/div><\/div><div class=\"fg-item fg-type-image fg-loaded\"><figure class=\"fg-item-inner\"><a href=\"https:\/\/clementcolliard.art\/wp-content\/uploads\/Paquebot-scaled.jpg\" data-caption-title=\"clementcolliard-03052017-L1000538-2\" data-caption-desc=\"42x35cm \u00c9dition de 3, tirage sur papier Hahnem\u00fchle Photo Rag 308   \/\/\/\/ Pr\u00e9sent\u00e9e lors de l&#039;exposition &quot;Un (im)parfait Regard&quot;en 2020 \u00e0 Gen\u00e8ve\" data-attachment-id=\"3226\" data-type=\"image\" class=\"fg-thumb\"><span class=\"fg-image-wrap\"><img decoding=\"async\" src=\"https:\/\/clementcolliard.art\/wp-content\/uploads\/cache\/Paquebot-scaled\/3629617643.jpg\" title=\"contact@clementcolliard.art\" width=\"150\" height=\"150\" class=\"skip-lazy fg-image\" loading=\"eager\"><\/span><span class=\"fg-image-overlay\"><\/span><\/a><figcaption class=\"fg-caption\"><div class=\"fg-caption-inner\"><div class=\"fg-caption-title\">clementcolliard-03052017-L1000538-2<\/div><div class=\"fg-caption-desc\">42x35cm \u00c9dition de 3, tirage sur papier Hahnem\u00fchle Photo Rag 308   \/\/\/\/ Pr\u00e9sent\u00e9e lors de l'exposition \"Un (im)parfait Regard\"en 2020 \u00e0 Gen\u00e8ve<\/div><\/div><\/figcaption><\/figure><div class=\"fg-loader\"><\/div><\/div><div class=\"fg-item fg-type-image fg-loaded\"><figure class=\"fg-item-inner\"><a href=\"https:\/\/clementcolliard.art\/wp-content\/uploads\/Platane-scaled.jpg\" data-caption-title=\"clementcolliard 15022019-L1015935-2\" data-caption-desc=\"42x28cm \u00c9dition de 3, tirage sur papier Hahnem\u00fchle Photo Rag 308   \/\/\/\/ Pr\u00e9sent\u00e9e lors de l&#039;exposition &quot;Un (im)parfait Regard&quot;en 2020 \u00e0 Gen\u00e8ve\" data-attachment-id=\"3227\" data-type=\"image\" class=\"fg-thumb\"><span class=\"fg-image-wrap\"><img decoding=\"async\" src=\"https:\/\/clementcolliard.art\/wp-content\/uploads\/cache\/Platane-scaled\/1708336537.jpg\" title=\"contact@clementcolliard.art\" width=\"150\" height=\"150\" class=\"skip-lazy fg-image\" loading=\"eager\"><\/span><span class=\"fg-image-overlay\"><\/span><\/a><figcaption class=\"fg-caption\"><div class=\"fg-caption-inner\"><div class=\"fg-caption-title\">clementcolliard 15022019-L1015935-2<\/div><div class=\"fg-caption-desc\">42x28cm \u00c9dition de 3, tirage sur papier Hahnem\u00fchle Photo Rag 308   \/\/\/\/ Pr\u00e9sent\u00e9e lors de l'exposition \"Un (im)parfait Regard\"en 2020 \u00e0 Gen\u00e8ve<\/div><\/div><\/figcaption><\/figure><div class=\"fg-loader\"><\/div><\/div><div class=\"fg-item fg-type-image fg-loaded\"><figure class=\"fg-item-inner\"><a href=\"https:\/\/clementcolliard.art\/wp-content\/uploads\/pompier-scaled.jpg\" data-caption-desc=\"32x62cm \u00c9dition de 3, tirage sur papier Hahnem\u00fchle Photo Rag 308   \/\/\/\/ Pr\u00e9sent\u00e9e lors de l&#039;exposition &quot;Un (im)parfait Regard&quot;en 2020 \u00e0 Gen\u00e8ve\" data-caption-title=\"clementcolliard 23042018-L1013312-2\" data-attachment-id=\"3069\" data-type=\"image\" class=\"fg-thumb\"><span class=\"fg-image-wrap\"><img decoding=\"async\" src=\"https:\/\/clementcolliard.art\/wp-content\/uploads\/cache\/pompier-scaled\/1736297697.jpg\" width=\"150\" height=\"150\" class=\"skip-lazy fg-image\" loading=\"eager\"><\/span><span class=\"fg-image-overlay\"><\/span><\/a><figcaption class=\"fg-caption\"><div class=\"fg-caption-inner\"><div class=\"fg-caption-title\">clementcolliard 23042018-L1013312-2<\/div><div class=\"fg-caption-desc\">32x62cm \u00c9dition de 3, tirage sur papier Hahnem\u00fchle Photo Rag 308   \/\/\/\/ Pr\u00e9sent\u00e9e lors de l'exposition \"Un (im)parfait Regard\"en 2020 \u00e0 Gen\u00e8ve<\/div><\/div><\/figcaption><\/figure><div class=\"fg-loader\"><\/div><\/div><\/div>\n\n\n\n\n<p class=\"wp-block-paragraph\"><strong>Un (im)parfait regard<\/strong><\/p>\n\n\n\n<p class=\"wp-block-paragraph\">Du plus loin que je me souvienne, j&rsquo;ai toujours \u00e9t\u00e9 attir\u00e9 par les alignements horizontaux et verticaux, les diagonales ou la r\u00e8gle des trois tiers dans la photographie. Mais \u00e0 trop chercher la rectitude dans mes prises de vue, j&rsquo;ai fini par faire l&rsquo;exp\u00e9rience inverse, celle de l&rsquo;imparfait.<\/p>\n\n\n\n<p class=\"wp-block-paragraph\"><\/p>\n\n\n\n<p class=\"has-text-align-left wp-block-paragraph\">Comme la nature est imparfaite, la prise de vue l&rsquo;est aussi. De la minuscule poussi\u00e8re sur l&rsquo;objectif au \u00ab\u00a0flou de boug\u00e9\u00a0\u00bb, c&rsquo;est la rigueur qui doit s&rsquo;opposer \u00e0 l&rsquo;imparfait diront certain, m\u00eame si le combat est perdu d&rsquo;avance. Mais elle traduit aussi une r\u00e9alit\u00e9 rassurante. En effet, qu&rsquo;aurions-nous fait d&rsquo;une photo parfaite? La garder et jeter toutes les autres ?<\/p>\n\n\n\n<p class=\"wp-block-paragraph\"><\/p>\n\n\n\n<p class=\"has-text-align-left wp-block-paragraph\">Pourtant, sur un plan plus intime, il existe cette relation parfois inattendue entre la prise de vue et celle ou celui qui la d\u00e9couvre. Il se tisse une \u00e9motion \u00e0 l&rsquo;intensit\u00e9 variable et qu&rsquo;on pourrait qualifier de \u00ab\u00a0Parfait regard\u00a0\u00bb.<\/p>\n\n\n\n<p class=\"has-text-align-left wp-block-paragraph\">C&rsquo;est donc \u00e0 vous, visiteurs qui d\u00e9couvrez ces photos, que cette exposition est d\u00e9di\u00e9e. A votre \u00eatre \u00e9motionnel plut\u00f4t que rationnel, \u00e0 vos sensations plut\u00f4t qu&rsquo;\u00e0 votre raison.<\/p>","protected":false},"excerpt":{"rendered":"<p>Un (im)parfait regard Du plus loin que je me souvienne, j&rsquo;ai toujours \u00e9t\u00e9 attir\u00e9 par les alignements horizontaux et verticaux, les diagonales ou la r\u00e8gle des trois tiers dans la photographie. Mais \u00e0 trop chercher la rectitude dans mes prises de vue, j&rsquo;ai fini par faire l&rsquo;exp\u00e9rience inverse, celle de l&rsquo;imparfait. Comme la nature est&#8230;<\/p>","protected":false},"author":1,"featured_media":0,"parent":0,"menu_order":0,"comment_status":"closed","ping_status":"closed","template":"","meta":{"_crdt_document":"","_vp_format_video_url":"","_vp_image_focal_point":[],"footnotes":""},"class_list":["post-2998","page","type-page","status-publish","hentry"],"_links":{"self":[{"href":"https:\/\/clementcolliard.art\/en\/wp-json\/wp\/v2\/pages\/2998","targetHints":{"allow":["GET"]}}],"collection":[{"href":"https:\/\/clementcolliard.art\/en\/wp-json\/wp\/v2\/pages"}],"about":[{"href":"https:\/\/clementcolliard.art\/en\/wp-json\/wp\/v2\/types\/page"}],"author":[{"embeddable":true,"href":"https:\/\/clementcolliard.art\/en\/wp-json\/wp\/v2\/users\/1"}],"replies":[{"embeddable":true,"href":"https:\/\/clementcolliard.art\/en\/wp-json\/wp\/v2\/comments?post=2998"}],"version-history":[{"count":37,"href":"https:\/\/clementcolliard.art\/en\/wp-json\/wp\/v2\/pages\/2998\/revisions"}],"predecessor-version":[{"id":3215,"href":"https:\/\/clementcolliard.art\/en\/wp-json\/wp\/v2\/pages\/2998\/revisions\/3215"}],"wp:attachment":[{"href":"https:\/\/clementcolliard.art\/en\/wp-json\/wp\/v2\/media?parent=2998"}],"curies":[{"name":"wp","href":"https:\/\/api.w.org\/{rel}","templated":true}]}}